{"id":62,"date":"2021-04-26T07:41:30","date_gmt":"2021-04-26T07:41:30","guid":{"rendered":"http:\/\/ujilliurex.uji.es\/?page_id=62"},"modified":"2026-02-11T01:51:54","modified_gmt":"2026-02-11T00:51:54","slug":"ediciones-anteriores","status":"publish","type":"page","link":"https:\/\/ujilliurex.uji.es\/es\/ediciones-anteriores\/","title":{"rendered":"Ediciones anteriores"},"content":{"rendered":"\t\t<div data-elementor-type=\"wp-page\" data-elementor-id=\"62\" class=\"elementor elementor-62\">\n\t\t\t\t\t\t\t\t\t<section class=\"elementor-section elementor-top-section elementor-element elementor-element-93d5e5c elementor-reverse-tablet elementor-reverse-mobile elementor-section-height-min-height elementor-section-boxed elementor-section-height-default elementor-section-items-middle\" data-id=\"93d5e5c\" data-element_type=\"section\" data-settings=\"{&quot;background_background&quot;:&quot;classic&quot;}\">\n\t\t\t\t\t\t\t<div class=\"elementor-background-overlay\"><\/div>\n\t\t\t\t\t\t\t<div class=\"elementor-container elementor-column-gap-default\">\n\t\t\t\t\t<div class=\"elementor-column elementor-col-100 elementor-top-column elementor-element elementor-element-4c2a51b\" data-id=\"4c2a51b\" data-element_type=\"column\">\n\t\t\t<div class=\"elementor-widget-wrap elementor-element-populated\">\n\t\t\t\t\t\t\t\t<div class=\"elementor-element elementor-element-10b0f62 de_scroll_animation_yes de_scroll_animation_preview_yes de_scroll_translateX_popover_unchecked de_scroll_translateY_popover_unchecked de_scroll_rotate_popover_unchecked de_scroll_scale_popover_unchecked de_scroll_skew_popover_unchecked de_scroll_finish_animate_100 de_scroll_animation_on_desktop_yes de_scroll_animation_on_tablet_no de_scroll_animation_on_mobile_no elementor-widget elementor-widget-mdp-lottier-elementor\" data-id=\"10b0f62\" data-element_type=\"widget\" data-widget_type=\"mdp-lottier-elementor.default\">\n\t\t\t\t<div class=\"elementor-widget-container\">\n\t\t\t<div id=\"mdp-lottier-box-10b0f62\">\n                    <div class=\"mdp-lottier-svg\">\n                <div class=\"mdp-lottier-player\">\n                    <!--suppress HtmlUnknownTag -->\n                    <lottie-player id=\"mdp-lottier-10b0f62\" class=\"mdp-lottier-animation\" src='\/wp-content\/uploads\/lotties\/anteriores.json'><\/lottie-player>\n                <\/div>\n            <\/div>\n            \n        \n        \n        <\/div>\n\n        <script>\n            var player_10b0f62 = document.querySelector(\"#mdp-lottier-10b0f62\");\n\n            player_10b0f62.background = 'transporant';\n            player_10b0f62.autoplay = true;            player_10b0f62.mode = 'normal';\n            player_10b0f62.controls = false;\n            player_10b0f62.loop = true;\n            player_10b0f62.speed = 0.4;\n\n            \n            \n        <\/script>\n\n        \t\t<\/div>\n\t\t\t\t<\/div>\n\t\t\t\t\t<\/div>\n\t\t<\/div>\n\t\t\t\t\t\t\t<\/div>\n\t\t<\/section>\n\t\t\t\t<section class=\"elementor-section elementor-top-section elementor-element elementor-element-7fc129f4 elementor-section-boxed elementor-section-height-default elementor-section-height-default\" data-id=\"7fc129f4\" data-element_type=\"section\">\n\t\t\t\t\t\t<div class=\"elementor-container elementor-column-gap-default\">\n\t\t\t\t\t<div class=\"elementor-column elementor-col-100 elementor-top-column elementor-element elementor-element-5e879416\" data-id=\"5e879416\" data-element_type=\"column\">\n\t\t\t<div class=\"elementor-widget-wrap elementor-element-populated\">\n\t\t\t\t\t\t\t\t<div class=\"elementor-element elementor-element-5604d0c de_scroll_animation_no elementor-widget elementor-widget-heading\" data-id=\"5604d0c\" data-element_type=\"widget\" data-widget_type=\"heading.default\">\n\t\t\t\t<div class=\"elementor-widget-container\">\n\t\t\t<h2 class=\"elementor-heading-title elementor-size-default\">Ediciones anteriores<\/h2>\t\t<\/div>\n\t\t\t\t<\/div>\n\t\t\t\t<section class=\"elementor-section elementor-inner-section elementor-element elementor-element-3c89c8a2 elementor-section-boxed elementor-section-height-default elementor-section-height-default\" data-id=\"3c89c8a2\" data-element_type=\"section\">\n\t\t\t\t\t\t<div class=\"elementor-container elementor-column-gap-default\">\n\t\t\t\t\t<div class=\"elementor-column elementor-col-33 elementor-inner-column elementor-element elementor-element-1e3a7445\" data-id=\"1e3a7445\" data-element_type=\"column\">\n\t\t\t<div class=\"elementor-widget-wrap elementor-element-populated\">\n\t\t\t\t\t\t\t\t<div class=\"elementor-element elementor-element-56d7ae2a ekit-equal-height-enable de_scroll_animation_no elementor-widget elementor-widget-elementskit-icon-box\" data-id=\"56d7ae2a\" data-element_type=\"widget\" data-widget_type=\"elementskit-icon-box.default\">\n\t\t\t\t<div class=\"elementor-widget-container\">\n\t\t\t<div class=\"ekit-wid-con\" >        <!-- link opening -->\n                <!-- end link opening -->\n\n        <div class=\"elementskit-infobox text-center text- icon-top-align elementor-animation-   \">\n                    <div class=\"elementskit-box-header elementor-animation-\">\n                <div class=\"elementskit-info-box-icon  \">\n                    <i aria-hidden=\"true\" class=\"elementkit-infobox-icon far fa-calendar-plus\"><\/i>\n                <\/div>\n          <\/div>\n                        <div class=\"box-body\">\n                            <h3 class=\"elementskit-info-box-title\">\n                    I Jornada de LliureX en la Universidad Jaume I                <\/h3>\n                        \t\t  <p>El a\u00f1o 2014 se realiz\u00f3 la I Jornada de LliureX en la UJI \"Jornada Oberta sobre novetats de Lliurex 13\"<\/p>\n                                        <div class=\"box-footer enable_hover_btn\">\n                    <div class=\"btn-wraper\">\n                                                            <a href=\"http:\/\/ujiapps.uji.es\/com\/agenda\/2014\/02\/27\/lliurex\/\"  target=\"_self\" rel=\"\" class=\"elementskit-btn whitespace--normal elementor-animation-\">\n                                        Ver esta edici\u00f3n\n                                        <i aria-hidden=\"true\" class=\"icon icon-right-arrow\"><\/i>\n                                    <\/a>\n                                                        <\/div>\n                <\/div>\n                    <\/div>\n        \n        \n                <\/div>\n        <\/div>\t\t<\/div>\n\t\t\t\t<\/div>\n\t\t\t\t\t<\/div>\n\t\t<\/div>\n\t\t\t\t<div class=\"elementor-column elementor-col-33 elementor-inner-column elementor-element elementor-element-3bc28605\" data-id=\"3bc28605\" data-element_type=\"column\">\n\t\t\t<div class=\"elementor-widget-wrap elementor-element-populated\">\n\t\t\t\t\t\t\t\t<div class=\"elementor-element elementor-element-414658e ekit-equal-height-enable de_scroll_animation_no elementor-widget elementor-widget-elementskit-icon-box\" data-id=\"414658e\" data-element_type=\"widget\" data-widget_type=\"elementskit-icon-box.default\">\n\t\t\t\t<div class=\"elementor-widget-container\">\n\t\t\t<div class=\"ekit-wid-con\" >        <!-- link opening -->\n                <!-- end link opening -->\n\n        <div class=\"elementskit-infobox text-center text- icon-top-align elementor-animation-   \">\n                    <div class=\"elementskit-box-header elementor-animation-\">\n                <div class=\"elementskit-info-box-icon  \">\n                    <i aria-hidden=\"true\" class=\"elementkit-infobox-icon far fa-calendar-plus\"><\/i>\n                <\/div>\n          <\/div>\n                        <div class=\"box-body\">\n                            <h3 class=\"elementskit-info-box-title\">\n                    II Jornada de LliureX en la Universidad Jaume I                <\/h3>\n                        \t\t  <p>El a\u00f1o 2015 se realiz\u00f3 la II \ufeffJornada \"LliureX en la Universidad Jaume I \"LliureX como herramienta de Innovaci\u00f3n Educativa\"<\/p>\n                                        <div class=\"box-footer enable_hover_btn\">\n                    <div class=\"btn-wraper\">\n                                                            <a href=\"http:\/\/ujilliurex.uji.es\/ujilliurex2015\"  target=\"_self\" rel=\"\" class=\"elementskit-btn whitespace--normal elementor-animation-\">\n                                        Ver esta edici\u00f3n\n                                        <i aria-hidden=\"true\" class=\"icon icon-right-arrow\"><\/i>\n                                    <\/a>\n                                                        <\/div>\n                <\/div>\n                    <\/div>\n        \n        \n                <\/div>\n        <\/div>\t\t<\/div>\n\t\t\t\t<\/div>\n\t\t\t\t\t<\/div>\n\t\t<\/div>\n\t\t\t\t<div class=\"elementor-column elementor-col-33 elementor-inner-column elementor-element elementor-element-174558e3\" data-id=\"174558e3\" data-element_type=\"column\">\n\t\t\t<div class=\"elementor-widget-wrap elementor-element-populated\">\n\t\t\t\t\t\t\t\t<div class=\"elementor-element elementor-element-e98dbf3 ekit-equal-height-enable de_scroll_animation_no elementor-widget elementor-widget-elementskit-icon-box\" data-id=\"e98dbf3\" data-element_type=\"widget\" data-widget_type=\"elementskit-icon-box.default\">\n\t\t\t\t<div class=\"elementor-widget-container\">\n\t\t\t<div class=\"ekit-wid-con\" >        <!-- link opening -->\n                <!-- end link opening -->\n\n        <div class=\"elementskit-infobox text-center text- icon-top-align elementor-animation-   \">\n                    <div class=\"elementskit-box-header elementor-animation-\">\n                <div class=\"elementskit-info-box-icon  \">\n                    <i aria-hidden=\"true\" class=\"elementkit-infobox-icon far fa-calendar-plus\"><\/i>\n                <\/div>\n          <\/div>\n                        <div class=\"box-body\">\n                            <h3 class=\"elementskit-info-box-title\">\n                    III Jornada de LliureX en la Universidad Jaume I                <\/h3>\n                        \t\t  <p>El a\u00f1o 2016 se realiz\u00f3 la III \ufeffJornada \"LliureX en la Universidad Jaume I\" \"Innovaci\u00f3n Educativa utilizando LliureX\"<\/p>\n                                        <div class=\"box-footer enable_hover_btn\">\n                    <div class=\"btn-wraper\">\n                                                            <a href=\"http:\/\/ujilliurex.uji.es\/ujilliurex16\"  target=\"_self\" rel=\"\" class=\"elementskit-btn whitespace--normal elementor-animation-\">\n                                        Ver esta edici\u00f3n\n                                        <i aria-hidden=\"true\" class=\"icon icon-right-arrow\"><\/i>\n                                    <\/a>\n                                                        <\/div>\n                <\/div>\n                    <\/div>\n        \n        \n                <\/div>\n        <\/div>\t\t<\/div>\n\t\t\t\t<\/div>\n\t\t\t\t\t<\/div>\n\t\t<\/div>\n\t\t\t\t\t\t\t<\/div>\n\t\t<\/section>\n\t\t\t\t<section class=\"elementor-section elementor-inner-section elementor-element elementor-element-5d132d8 elementor-section-boxed elementor-section-height-default elementor-section-height-default\" data-id=\"5d132d8\" data-element_type=\"section\">\n\t\t\t\t\t\t<div class=\"elementor-container elementor-column-gap-default\">\n\t\t\t\t\t<div class=\"elementor-column elementor-col-33 elementor-inner-column elementor-element elementor-element-01562a5\" data-id=\"01562a5\" data-element_type=\"column\">\n\t\t\t<div class=\"elementor-widget-wrap elementor-element-populated\">\n\t\t\t\t\t\t\t\t<div class=\"elementor-element elementor-element-702b4d4 ekit-equal-height-enable de_scroll_animation_no elementor-widget elementor-widget-elementskit-icon-box\" data-id=\"702b4d4\" data-element_type=\"widget\" data-widget_type=\"elementskit-icon-box.default\">\n\t\t\t\t<div class=\"elementor-widget-container\">\n\t\t\t<div class=\"ekit-wid-con\" >        <!-- link opening -->\n                <!-- end link opening -->\n\n        <div class=\"elementskit-infobox text-center text- icon-top-align elementor-animation-   \">\n                    <div class=\"elementskit-box-header elementor-animation-\">\n                <div class=\"elementskit-info-box-icon  \">\n                    <i aria-hidden=\"true\" class=\"elementkit-infobox-icon far fa-calendar-plus\"><\/i>\n                <\/div>\n          <\/div>\n                        <div class=\"box-body\">\n                            <h3 class=\"elementskit-info-box-title\">\n                    IV Jornada de LliureX en la Universidad Jaume I                <\/h3>\n                        \t\t  <p>El a\u00f1o 2017 se realiz\u00f3 la IV \ufeffJornada \"LliureX en la Universidad Jaume I\" \"Innovaci\u00f3n Educativa utilizando TICs\"<\/p>\n                                        <div class=\"box-footer enable_hover_btn\">\n                    <div class=\"btn-wraper\">\n                                                            <a href=\"http:\/\/ujilliurex.uji.es\/ujilliurex17\"  target=\"_self\" rel=\"\" class=\"elementskit-btn whitespace--normal elementor-animation-\">\n                                        Ver esta edici\u00f3n\n                                        <i aria-hidden=\"true\" class=\"icon icon-right-arrow\"><\/i>\n                                    <\/a>\n                                                        <\/div>\n                <\/div>\n                    <\/div>\n        \n        \n                <\/div>\n        <\/div>\t\t<\/div>\n\t\t\t\t<\/div>\n\t\t\t\t\t<\/div>\n\t\t<\/div>\n\t\t\t\t<div class=\"elementor-column elementor-col-33 elementor-inner-column elementor-element elementor-element-0693a1e\" data-id=\"0693a1e\" data-element_type=\"column\">\n\t\t\t<div class=\"elementor-widget-wrap elementor-element-populated\">\n\t\t\t\t\t\t\t\t<div class=\"elementor-element elementor-element-287b834 ekit-equal-height-enable de_scroll_animation_no elementor-widget elementor-widget-elementskit-icon-box\" data-id=\"287b834\" data-element_type=\"widget\" data-widget_type=\"elementskit-icon-box.default\">\n\t\t\t\t<div class=\"elementor-widget-container\">\n\t\t\t<div class=\"ekit-wid-con\" >        <!-- link opening -->\n                <!-- end link opening -->\n\n        <div class=\"elementskit-infobox text-center text- icon-top-align elementor-animation-   \">\n                    <div class=\"elementskit-box-header elementor-animation-\">\n                <div class=\"elementskit-info-box-icon  \">\n                    <i aria-hidden=\"true\" class=\"elementkit-infobox-icon far fa-calendar-plus\"><\/i>\n                <\/div>\n          <\/div>\n                        <div class=\"box-body\">\n                            <h3 class=\"elementskit-info-box-title\">\n                    V Jornada de LliureX en la Universidad Jaume I                <\/h3>\n                        \t\t  <p>El a\u00f1o 2018 se realiz\u00f3 la IV \ufeffJornada \"LliureX en la Universidad Jaume I\" \"Innovaci\u00f3n Educativa utilizando TICs\"<\/p>\n                                        <div class=\"box-footer enable_hover_btn\">\n                    <div class=\"btn-wraper\">\n                                                            <a href=\"http:\/\/ujilliurex.uji.es\/ujilliurex18\"  target=\"_self\" rel=\"\" class=\"elementskit-btn whitespace--normal elementor-animation-\">\n                                        Ver esta edici\u00f3n\n                                        <i aria-hidden=\"true\" class=\"icon icon-right-arrow\"><\/i>\n                                    <\/a>\n                                                        <\/div>\n                <\/div>\n                    <\/div>\n        \n        \n                <\/div>\n        <\/div>\t\t<\/div>\n\t\t\t\t<\/div>\n\t\t\t\t\t<\/div>\n\t\t<\/div>\n\t\t\t\t<div class=\"elementor-column elementor-col-33 elementor-inner-column elementor-element elementor-element-ec354e9\" data-id=\"ec354e9\" data-element_type=\"column\">\n\t\t\t<div class=\"elementor-widget-wrap elementor-element-populated\">\n\t\t\t\t\t\t\t\t<div class=\"elementor-element elementor-element-39a9445 ekit-equal-height-enable de_scroll_animation_no elementor-widget elementor-widget-elementskit-icon-box\" data-id=\"39a9445\" data-element_type=\"widget\" data-widget_type=\"elementskit-icon-box.default\">\n\t\t\t\t<div class=\"elementor-widget-container\">\n\t\t\t<div class=\"ekit-wid-con\" >        <!-- link opening -->\n                <!-- end link opening -->\n\n        <div class=\"elementskit-infobox text-center text- icon-top-align elementor-animation-   \">\n                    <div class=\"elementskit-box-header elementor-animation-\">\n                <div class=\"elementskit-info-box-icon  \">\n                    <i aria-hidden=\"true\" class=\"elementkit-infobox-icon far fa-calendar-plus\"><\/i>\n                <\/div>\n          <\/div>\n                        <div class=\"box-body\">\n                            <h3 class=\"elementskit-info-box-title\">\n                    VI Jornada de LliureX en la Universidad Jaume I                <\/h3>\n                        \t\t  <p>El a\u00f1o 2019 se realiz\u00f3 la IV \ufeffJornada \"LliureX en la Universidad Jaume I\" \"Innovaci\u00f3n Educativa utilizando TICs\"<\/p>\n                                        <div class=\"box-footer enable_hover_btn\">\n                    <div class=\"btn-wraper\">\n                                                            <a href=\"http:\/\/ujilliurex.uji.es\/ujilliurex19\"  target=\"_self\" rel=\"\" class=\"elementskit-btn whitespace--normal elementor-animation-\">\n                                        Ver esta edici\u00f3n\n                                        <i aria-hidden=\"true\" class=\"icon icon-right-arrow\"><\/i>\n                                    <\/a>\n                                                        <\/div>\n                <\/div>\n                    <\/div>\n        \n        \n                <\/div>\n        <\/div>\t\t<\/div>\n\t\t\t\t<\/div>\n\t\t\t\t\t<\/div>\n\t\t<\/div>\n\t\t\t\t\t\t\t<\/div>\n\t\t<\/section>\n\t\t\t\t<section class=\"elementor-section elementor-inner-section elementor-element elementor-element-3bfe29b elementor-section-boxed elementor-section-height-default elementor-section-height-default\" data-id=\"3bfe29b\" data-element_type=\"section\">\n\t\t\t\t\t\t<div class=\"elementor-container elementor-column-gap-default\">\n\t\t\t\t\t<div class=\"elementor-column elementor-col-33 elementor-inner-column elementor-element elementor-element-dcab389\" data-id=\"dcab389\" data-element_type=\"column\">\n\t\t\t<div class=\"elementor-widget-wrap elementor-element-populated\">\n\t\t\t\t\t\t\t\t<div class=\"elementor-element elementor-element-9206a7e ekit-equal-height-enable de_scroll_animation_no elementor-widget elementor-widget-elementskit-icon-box\" data-id=\"9206a7e\" data-element_type=\"widget\" data-widget_type=\"elementskit-icon-box.default\">\n\t\t\t\t<div class=\"elementor-widget-container\">\n\t\t\t<div class=\"ekit-wid-con\" >        <!-- link opening -->\n                <!-- end link opening -->\n\n        <div class=\"elementskit-infobox text-center text- icon-top-align elementor-animation-   \">\n                    <div class=\"elementskit-box-header elementor-animation-\">\n                <div class=\"elementskit-info-box-icon  \">\n                    <i aria-hidden=\"true\" class=\"elementkit-infobox-icon far fa-calendar-plus\"><\/i>\n                <\/div>\n          <\/div>\n                        <div class=\"box-body\">\n                            <h3 class=\"elementskit-info-box-title\">\n                    VII Jornada de LliureX en la Universidad Jaume I                <\/h3>\n                        \t\t  <p>El a\u00f1o 2020 se realiz\u00f3 la IV \ufeffJornada \"LliureX en la Universidad Jaume I\" \"Innovaci\u00f3n Educativa utilizando TICs\"<\/p>\n                                        <div class=\"box-footer enable_hover_btn\">\n                    <div class=\"btn-wraper\">\n                                                            <a href=\"http:\/\/ujilliurex.uji.es\/ujilliurex20\"  target=\"_self\" rel=\"\" class=\"elementskit-btn whitespace--normal elementor-animation-\">\n                                        Ver esta edici\u00f3n\n                                        <i aria-hidden=\"true\" class=\"icon icon-right-arrow\"><\/i>\n                                    <\/a>\n                                                        <\/div>\n                <\/div>\n                    <\/div>\n        \n        \n                <\/div>\n        <\/div>\t\t<\/div>\n\t\t\t\t<\/div>\n\t\t\t\t\t<\/div>\n\t\t<\/div>\n\t\t\t\t<div class=\"elementor-column elementor-col-33 elementor-inner-column elementor-element elementor-element-f6c0c6b\" data-id=\"f6c0c6b\" data-element_type=\"column\">\n\t\t\t<div class=\"elementor-widget-wrap elementor-element-populated\">\n\t\t\t\t\t\t\t\t<div class=\"elementor-element elementor-element-d480b58 ekit-equal-height-enable de_scroll_animation_no elementor-widget elementor-widget-elementskit-icon-box\" data-id=\"d480b58\" data-element_type=\"widget\" data-widget_type=\"elementskit-icon-box.default\">\n\t\t\t\t<div class=\"elementor-widget-container\">\n\t\t\t<div class=\"ekit-wid-con\" >        <!-- link opening -->\n                <!-- end link opening -->\n\n        <div class=\"elementskit-infobox text-center text- icon-top-align elementor-animation-   \">\n                    <div class=\"elementskit-box-header elementor-animation-\">\n                <div class=\"elementskit-info-box-icon  \">\n                    <i aria-hidden=\"true\" class=\"elementkit-infobox-icon far fa-calendar-plus\"><\/i>\n                <\/div>\n          <\/div>\n                        <div class=\"box-body\">\n                            <h3 class=\"elementskit-info-box-title\">\n                    VIII Jornada de LliureX en la Universidad Jaume I                <\/h3>\n                        \t\t  <p>El a\u00f1o 2021 se realiz\u00f3 la IV \ufeffJornada \"LliureX en la Universidad Jaume I\" \"Innovaci\u00f3n Educativa utilizando TICs\"<\/p>\n                                        <div class=\"box-footer enable_hover_btn\">\n                    <div class=\"btn-wraper\">\n                                                            <a href=\"\/es\/ponencias-2021\/\"  target=\"_self\" rel=\"\" class=\"elementskit-btn whitespace--normal elementor-animation-\">\n                                        Ver esta edici\u00f3n\n                                        <i aria-hidden=\"true\" class=\"icon icon-right-arrow\"><\/i>\n                                    <\/a>\n                                                        <\/div>\n                <\/div>\n                    <\/div>\n        \n        \n                <\/div>\n        <\/div>\t\t<\/div>\n\t\t\t\t<\/div>\n\t\t\t\t\t<\/div>\n\t\t<\/div>\n\t\t\t\t<div class=\"elementor-column elementor-col-33 elementor-inner-column elementor-element elementor-element-1e3c13a\" data-id=\"1e3c13a\" data-element_type=\"column\">\n\t\t\t<div class=\"elementor-widget-wrap elementor-element-populated\">\n\t\t\t\t\t\t\t\t<div class=\"elementor-element elementor-element-a4a0760 ekit-equal-height-enable de_scroll_animation_no elementor-widget elementor-widget-elementskit-icon-box\" data-id=\"a4a0760\" data-element_type=\"widget\" data-widget_type=\"elementskit-icon-box.default\">\n\t\t\t\t<div class=\"elementor-widget-container\">\n\t\t\t<div class=\"ekit-wid-con\" >        <!-- link opening -->\n                <!-- end link opening -->\n\n        <div class=\"elementskit-infobox text-center text- icon-top-align elementor-animation-   \">\n                    <div class=\"elementskit-box-header elementor-animation-\">\n                <div class=\"elementskit-info-box-icon  \">\n                    <i aria-hidden=\"true\" class=\"elementkit-infobox-icon far fa-calendar-plus\"><\/i>\n                <\/div>\n          <\/div>\n                        <div class=\"box-body\">\n                            <h3 class=\"elementskit-info-box-title\">\n                    IX Jornada de LliureX en la Universidad Jaume I                <\/h3>\n                        \t\t  <p>El a\u00f1o 2022 se realiz\u00f3 la IV \ufeffJornada \"LliureX en la Universidad Jaume I\" \"Innovaci\u00f3n Educativa utilizando TICs\"<\/p>\n                                        <div class=\"box-footer enable_hover_btn\">\n                    <div class=\"btn-wraper\">\n                                                            <a href=\"\/es\/ponencias-2022\/\"  target=\"_self\" rel=\"\" class=\"elementskit-btn whitespace--normal elementor-animation-\">\n                                        Ver esta edici\u00f3n\n                                        <i aria-hidden=\"true\" class=\"icon icon-right-arrow\"><\/i>\n                                    <\/a>\n                                                        <\/div>\n                <\/div>\n                    <\/div>\n        \n        \n                <\/div>\n        <\/div>\t\t<\/div>\n\t\t\t\t<\/div>\n\t\t\t\t\t<\/div>\n\t\t<\/div>\n\t\t\t\t\t\t\t<\/div>\n\t\t<\/section>\n\t\t\t\t\t<\/div>\n\t\t<\/div>\n\t\t\t\t\t\t\t<\/div>\n\t\t<\/section>\n\t\t\t\t\t\t\t<\/div>\n\t\t","protected":false},"excerpt":{"rendered":"<p>Ediciones anteriores I Jornada de LliureX en la Universidad Jaume I El a\u00f1o 2014 se realiz\u00f3 la I Jornada de LliureX en la UJI &#8220;Jornada Oberta sobre novetats de Lliurex 13&#8221; Ver esta edici\u00f3n II Jornada de LliureX en la Universidad Jaume I El a\u00f1o 2015 se realiz\u00f3 la II \ufeffJornada &#8220;LliureX en la Universidad [&hellip;]<\/p>\n","protected":false},"author":1,"featured_media":0,"parent":0,"menu_order":0,"comment_status":"closed","ping_status":"closed","template":"","meta":{"footnotes":""},"class_list":["post-62","page","type-page","status-publish","hentry"],"_links":{"self":[{"href":"https:\/\/ujilliurex.uji.es\/es\/wp-json\/wp\/v2\/pages\/62","targetHints":{"allow":["GET"]}}],"collection":[{"href":"https:\/\/ujilliurex.uji.es\/es\/wp-json\/wp\/v2\/pages"}],"about":[{"href":"https:\/\/ujilliurex.uji.es\/es\/wp-json\/wp\/v2\/types\/page"}],"author":[{"embeddable":true,"href":"https:\/\/ujilliurex.uji.es\/es\/wp-json\/wp\/v2\/users\/1"}],"replies":[{"embeddable":true,"href":"https:\/\/ujilliurex.uji.es\/es\/wp-json\/wp\/v2\/comments?post=62"}],"version-history":[{"count":79,"href":"https:\/\/ujilliurex.uji.es\/es\/wp-json\/wp\/v2\/pages\/62\/revisions"}],"predecessor-version":[{"id":4045,"href":"https:\/\/ujilliurex.uji.es\/es\/wp-json\/wp\/v2\/pages\/62\/revisions\/4045"}],"wp:attachment":[{"href":"https:\/\/ujilliurex.uji.es\/es\/wp-json\/wp\/v2\/media?parent=62"}],"curies":[{"name":"wp","href":"https:\/\/api.w.org\/{rel}","templated":true}]}}